{"version":"1.0","provider_name":"GDR Vertige","provider_url":"https:\/\/gdrvertige.com\/en\/","author_name":"wagaia","author_url":"https:\/\/gdrvertige.com\/en\/author\/wagaia\/","title":"Congenital Cochleo-Vestibular Pathologies - GDR Vertige","type":"rich","width":600,"height":338,"html":"<blockquote class=\"wp-embedded-content\" data-secret=\"0dMRQ9z7i6\"><a href=\"https:\/\/gdrvertige.com\/en\/team\/pathologies-cochleo-vestibulaires-congenitales\/\">Congenital Cochleo-Vestibular Pathologies<\/a><\/blockquote><iframe sandbox=\"allow-scripts\" security=\"restricted\" src=\"https:\/\/gdrvertige.com\/en\/team\/pathologies-cochleo-vestibulaires-congenitales\/embed\/#?secret=0dMRQ9z7i6\" width=\"600\" height=\"338\" title=\"&#8220;Congenital Cochleo-Vestibular Pathologies&#8221; &#8212; GDR Vertige\" data-secret=\"0dMRQ9z7i6\" frameborder=\"0\" marginwidth=\"0\" marginheight=\"0\" scrolling=\"no\" class=\"wp-embedded-content\"><\/iframe><script type=\"text\/javascript\">\n\/* <![CDATA[ *\/\n\/*! This file is auto-generated *\/\n!function(d,l){\"use strict\";l.querySelector&&d.addEventListener&&\"undefined\"!=typeof URL&&(d.wp=d.wp||{},d.wp.receiveEmbedMessage||(d.wp.receiveEmbedMessage=function(e){var t=e.data;if((t||t.secret||t.message||t.value)&&!\/[^a-zA-Z0-9]\/.test(t.secret)){for(var s,r,n,a=l.querySelectorAll('iframe[data-secret=\"'+t.secret+'\"]'),o=l.querySelectorAll('blockquote[data-secret=\"'+t.secret+'\"]'),c=new RegExp(\"^https?:$\",\"i\"),i=0;i<o.length;i++)o[i].style.display=\"none\";for(i=0;i<a.length;i++)s=a[i],e.source===s.contentWindow&&(s.removeAttribute(\"style\"),\"height\"===t.message?(1e3<(r=parseInt(t.value,10))?r=1e3:~~r<200&&(r=200),s.height=r):\"link\"===t.message&&(r=new URL(s.getAttribute(\"src\")),n=new URL(t.value),c.test(n.protocol))&&n.host===r.host&&l.activeElement===s&&(d.top.location.href=t.value))}},d.addEventListener(\"message\",d.wp.receiveEmbedMessage,!1),l.addEventListener(\"DOMContentLoaded\",function(){for(var e,t,s=l.querySelectorAll(\"iframe.wp-embedded-content\"),r=0;r<s.length;r++)(t=(e=s[r]).getAttribute(\"data-secret\"))||(t=Math.random().toString(36).substring(2,12),e.src+=\"#?secret=\"+t,e.setAttribute(\"data-secret\",t)),e.contentWindow.postMessage({message:\"ready\",secret:t},\"*\")},!1)))}(window,document);\n\/* ]]> *\/\n<\/script>\n","thumbnail_url":"https:\/\/gdrvertige.com\/wp-content\/uploads\/2020\/02\/mb_fs_vesco-1024x1024.png","thumbnail_width":1024,"thumbnail_height":1024,"description":"-L\u2019\u00e9quipe th\u00e9matique propos\u00e9e aura pour objectif de mieux caract\u00e9riser les m\u00e9canismes physiologiques et les d\u00e9ficits de l\u2019int\u00e9gration multi sensorielle associ\u00e9s aux d\u00e9ficits vestibulaires cong\u00e9nitaux. Chez l\u2019animal, le d\u00e9veloppement de mod\u00e8les murins permet d\u2019\u00e9tudier la physiopathologie des d\u00e9ficits vestibulaires cong\u00e9nitaux en caract\u00e9risant notamment les m\u00e9canismes cellulaires p\u00e9riph\u00e9riques et centraux, ainsi que les seuils perceptifs et compensation multisensorielles. Chez les patients, le d\u00e9veloppement de nouveaux outils diagnostiques bas\u00e9s sur l\u2019utilisation de la r\u00e9alit\u00e9 virtuelle associ\u00e9e aux tests vestibulaires classiques (posturographie, nystagmographie) chercheront \u00e0 caract\u00e9riser les d\u00e9ficits et adaptations multisensorielles afin d\u2019assurer une meilleure prise en charge de ces pathologies, notamment chez l\u2019enfant et l\u2019adolescent."}